{"id":19038,"date":"2023-01-17T17:25:43","date_gmt":"2023-01-17T17:25:43","guid":{"rendered":"https:\/\/www.olacde.org\/docs-institucionales\/panorama-energetico-de-america-latina-y-el-caribe-2021-2\/"},"modified":"2023-01-17T17:25:43","modified_gmt":"2023-01-17T17:25:43","slug":"panorama-energetico-de-america-latina-y-el-caribe-2021-2","status":"publish","type":"docs-institucionales","link":"https:\/\/www.olacde.org\/en\/docs-institucionales\/panorama-energetico-de-america-latina-y-el-caribe-2021-2\/","title":{"rendered":"Panorama energ\u00e9tico de Am\u00e9rica Latina y el Caribe 2022"},"content":{"rendered":"\n<p class=\"wp-block-paragraph\">La publicaci\u00f3n presenta m\u00e1s de 1000 gr\u00e1ficos que contienen informaci\u00f3n detallada acerca de la evoluci\u00f3n reciente de las matrices energ\u00e9ticas de los 27 Pa\u00edses Miembros de OLACDE. El objetivo principal de poner a disposici\u00f3n m\u00faltiples gr\u00e1ficos es brindar a la comunidad latinoamericana y caribe\u00f1a la posibilidad de tener una fuente de conocimiento acerca de los perfiles energ\u00e9ticos de los pa\u00edses de la regi\u00f3n sobre una base com\u00fan. Tambi\u00e9n incluye un ejercicio de prospectiva energ\u00e9tica que presenta un an\u00e1lisis comparativo entre dos escenarios de desarrollo energ\u00e9tico de la regi\u00f3n de ALC, para el per\u00edodo 2020-2050, con a\u00f1o base 2020: uno de referencia \u201cbusiness as usual\u201d (BAU) basado en los \u00faltimos planes referenciales de expansi\u00f3n del sector energ\u00e9tico publicados por los pa\u00edses; y un escenario alternativo donde se considera una penetraci\u00f3n m\u00e1s acelerada y profunda de fuentes renovables en la matriz energ\u00e9tica orientada a alcanzar los objetivos de la iniciativa RELAC a mediano plazo (2030) y a contribuir con la iniciativa NET ZERO 2050 a largo plazo, con la particularidad que esta vez se incluye entre las premisas de este segundo escenario, al cual se le ha denominado PRO NET-0 H2, la incorporaci\u00f3n de bater\u00edas de alta potencia en el parque generador de electricidad y el uso de hidr\u00f3geno verde, en los sectores de consumo final y tambi\u00e9n en centrales termoel\u00e9ctricas<\/p>\n\n\n\n<p class=\"wp-block-paragraph\">La presente publicaci\u00f3n es una versi\u00f3n de baja resoluci\u00f3n, para descargar la versi\u00f3n en alta resoluci\u00f3n registrarse en: <a href=\"https:\/\/sielac.OLACDE.org\/\">https:\/\/sielac.OLACDE.org\/<\/a><br>A\u00f1o de publicaci\u00f3n: 2022<\/p>\n","protected":false},"template":"","categorias-documentos-institucio":[375,384,399],"class_list":["post-19038","docs-institucionales","type-docs-institucionales","status-publish","has-post-thumbnail","hentry","categorias-documentos-institucio-ingles","categorias-documentos-institucio-institutionalpublications","categorias-documentos-institucio-official-documents"],"_links":{"self":[{"href":"https:\/\/www.olacde.org\/en\/wp-json\/wp\/v2\/docs-institucionales\/19038","targetHints":{"allow":["GET"]}}],"collection":[{"href":"https:\/\/www.olacde.org\/en\/wp-json\/wp\/v2\/docs-institucionales"}],"about":[{"href":"https:\/\/www.olacde.org\/en\/wp-json\/wp\/v2\/types\/docs-institucionales"}],"wp:featuredmedia":[{"embeddable":true,"href":"https:\/\/www.olacde.org\/en\/wp-json\/wp\/v2\/media\/14986"}],"wp:attachment":[{"href":"https:\/\/www.olacde.org\/en\/wp-json\/wp\/v2\/media?parent=19038"}],"wp:term":[{"taxonomy":"categorias-documentos-institucio","embeddable":true,"href":"https:\/\/www.olacde.org\/en\/wp-json\/wp\/v2\/categorias-documentos-institucio?post=19038"}],"curies":[{"name":"wp","href":"https:\/\/api.w.org\/{rel}","templated":true}]}}